{"id":148,"date":"2020-08-31T15:30:07","date_gmt":"2020-08-31T18:30:07","guid":{"rendered":"http:\/\/localhost\/africanias\/?page_id=6"},"modified":"2020-10-30T12:18:57","modified_gmt":"2020-10-30T15:18:57","slug":"sobre","status":"publish","type":"page","link":"http:\/\/africaniasufrj.com.br\/index.php\/sobre\/","title":{"rendered":"Sobre"},"content":{"rendered":"<p>O Grupo de Pesquisa Africanias UFRJ re\u00fane pesquisadores de diversas \u00e1reas do conhecimento e de diferentes institui\u00e7\u00f5es em torno da investiga\u00e7\u00e3o a respeito da m\u00fasica vocal brasileira, em seus diversos g\u00eaneros. Reconhecemos o distanciamento entre o portugu\u00eas brasileiro e o portugu\u00eas europeu, compreendendo suas variantes de pron\u00fancia e escrita \u2013 do\u00a0 ponto de vista morfol\u00f3gico e sint\u00e1tico \u2013 e seu l\u00e9xico singular, proveniente de diferentes l\u00ednguas europeias, africanas e ind\u00edgenas. Al\u00e9m disso \u00e9 de nosso interesse o estudo da pros\u00f3dia resultante do portugu\u00eas brasileiro em m\u00fasica. O desenvolvimento de recentes pesquisas feitas pelo grupo trouxe a necessidade de amplia\u00e7\u00e3o destes saberes para as Am\u00e9ricas.<\/p>\n<p>O nome do grupo inspira-se no conceito explicitado pela etnolinguista Yeda Pessoa de Castro: <em>\u201cO termo africania designa o legado lingu\u00edstico-cultural negroafricanonas nas Am\u00e9ricas e no Caribe que se converteu em matrizes part\u00edcipes da constru\u00e7\u00e3o de um novo sistema cultural e lingu\u00edstico que, no Brasil, se identifica como brasileiro\u201d (CASTRO, 2014, p. 1)<\/em>\u00a0.<\/p>\n<p>P\u00e1gina do grupo: <a href=\"http:\/\/africanias.musica.ufrj.br\">africanias.musica.ufrj.br<\/a><\/p>\n<p><strong>Refer\u00eancias Bibliogr\u00e1ficas<\/strong><\/p>\n<ul>\n<li>CASTRO, Yeda Pessoa de. Marcas de africania no portugu\u00eas do brasil: o legado negroafricano nas am\u00e9ricas. Africanias.com, n. 6. 2014. Dispon\u00edvel em <a href=\"http:\/\/www.africaniasc.uneb.br\/pdfs\/n_6_2014\/yeda_pessoa_de_castro_n_6.pdf\">http:\/\/www.africaniasc.uneb.br\/pdfs\/n_6_2014\/yeda_pessoa_de_castro_n_6.pdf<\/a>. Acesso em 04 de agosto de 2020.<\/li>\n<\/ul>\n<p>Saiba mais sobre o nosso grupo de pesquisa no site do <a href=\"http:\/\/dgp.cnpq.br\/dgp\/espelhogrupo\/9708922482557392\" target=\"_blank\" rel=\"noopener noreferrer\">CNPq<\/a>.<\/p>\n","protected":false},"excerpt":{"rendered":"<p>O Grupo de Pesquisa Africanias UFRJ re\u00fane pesquisadores de diversas \u00e1reas do conhecimento e de diferentes institui\u00e7\u00f5es em torno da investiga\u00e7\u00e3o a respeito da m\u00fasica vocal brasileira, em seus diversos g\u00eaneros. Reconhecemos o distanciamento entre o portugu\u00eas brasileiro e o portugu\u00eas europeu, compreendendo suas variantes de pron\u00fancia e escrita \u2013 do\u00a0 ponto de vista morfol\u00f3gico&#8230;<\/p>\n<p class=\"more-link\"><a href=\"http:\/\/africaniasufrj.com.br\/index.php\/sobre\/\"><span>Read More<\/span><i>&#43;<\/i><\/a><\/p>\n","protected":false},"author":2,"featured_media":0,"parent":0,"menu_order":0,"comment_status":"closed","ping_status":"closed","template":"","meta":{"footnotes":""},"_links":{"self":[{"href":"http:\/\/africaniasufrj.com.br\/index.php\/wp-json\/wp\/v2\/pages\/148"}],"collection":[{"href":"http:\/\/africaniasufrj.com.br\/index.php\/wp-json\/wp\/v2\/pages"}],"about":[{"href":"http:\/\/africaniasufrj.com.br\/index.php\/wp-json\/wp\/v2\/types\/page"}],"author":[{"embeddable":true,"href":"http:\/\/africaniasufrj.com.br\/index.php\/wp-json\/wp\/v2\/users\/2"}],"replies":[{"embeddable":true,"href":"http:\/\/africaniasufrj.com.br\/index.php\/wp-json\/wp\/v2\/comments?post=148"}],"version-history":[{"count":5,"href":"http:\/\/africaniasufrj.com.br\/index.php\/wp-json\/wp\/v2\/pages\/148\/revisions"}],"predecessor-version":[{"id":462,"href":"http:\/\/africaniasufrj.com.br\/index.php\/wp-json\/wp\/v2\/pages\/148\/revisions\/462"}],"wp:attachment":[{"href":"http:\/\/africaniasufrj.com.br\/index.php\/wp-json\/wp\/v2\/media?parent=148"}],"curies":[{"name":"wp","href":"https:\/\/api.w.org\/{rel}","templated":true}]}}